{"id":1580,"date":"2019-11-27T12:54:53","date_gmt":"2019-11-27T11:54:53","guid":{"rendered":"https:\/\/www.virgili.com\/legal-terms\/"},"modified":"2025-05-11T19:13:16","modified_gmt":"2025-05-11T17:13:16","slug":"legal-terms","status":"publish","type":"page","link":"https:\/\/www.virgili.com\/ca\/legal-terms\/","title":{"rendered":"Av\u00eds legal"},"content":{"rendered":"\n<h1 class=\"wp-block-heading has-large-font-size\">Av\u00eds legal<\/h1>\n\n\n\n<div style=\"height:6rem\" aria-hidden=\"true\" class=\"wp-block-spacer\"><\/div>\n\n\n\n<h2 class=\"wp-block-heading has-medium-font-size\"><strong>Informaci\u00f3 general<\/strong><\/h2>\n\n\n\n<p class=\"has-medium-font-size\">Titular de la p\u00e0gina web: Estudi Virgili S.L.U.<br>CIF: B61360194<br>Domicili social: Pg. Sant Joan 65, Pral., 08009 Barcelona (Espanya)<br>Email:&nbsp;<a href=\"mailto:mail@virgili.com\" target=\"_blank\" rel=\"noreferrer noopener\">mail@virgili.com<\/a><br>Tel\u00e8fon: 93 414 09 25<br>Inscrita al Registre Mercantil de Barcelona, Tom 29781, Foli 50 i Full B160459<\/p>\n\n\n\n<div style=\"height:6rem\" aria-hidden=\"true\" class=\"wp-block-spacer\"><\/div>\n\n\n\n<h2 class=\"wp-block-heading has-medium-font-size\"><strong>Av\u00eds legal i condicions d\u2019\u00fas web<\/strong><\/h2>\n\n\n\n<p class=\"has-medium-font-size\">L\u2019\u00fas del lloc web&nbsp;<a href=\"https:\/\/www.virgili.com\/ca\/\" target=\"_blank\" rel=\"noreferrer noopener\">www.virgili.com<\/a>&nbsp;est\u00e0 subjecte al que s\u2019estableix al present Av\u00eds legal i Condicions d\u2019\u00fas web. Per aquest motiu, l\u2019usuari haur\u00e0 de llegir-lo detingudament cada vegada que accedeixi al mateix.<\/p>\n\n\n\n<p class=\"has-medium-font-size\">L\u2019acc\u00e9s a&nbsp;<a href=\"https:\/\/www.virgili.com\/ca\/\" target=\"_blank\" rel=\"noreferrer noopener\">www.virgili.com<\/a>, i l\u2019\u00fas dels materials continguts en aquesta p\u00e0gina impliquen que l\u2019usuari ha llegit, coneix i accepta, sense reserva alguna, les presents Condiciones d\u2019\u00fas. En conseq\u00fc\u00e8ncia, haur\u00e0 d\u2019accedir peri\u00f2dicament a les mateixes per al seu coneixement, ja que podran ser modificades de manera unilateral per part d\u2019Estudi Virgili S.L.U.<\/p>\n\n\n\n<p class=\"has-medium-font-size\">Les Condicions d\u2019\u00fas regulen l\u2019\u00fas del domini&nbsp;<a href=\"https:\/\/www.virgili.com\/ca\/\" target=\"_blank\" rel=\"noreferrer noopener\">www.virgili.com<\/a>, ja sigui amb la seva denominaci\u00f3 actual o amb qualsevol que pugui figurar en el futur, aix\u00ed com les responsabilitats derivades de l\u2019\u00fas d\u2019aquest. En compliment del deure d\u2019informaci\u00f3 recollit a l\u2019article 10 de la Llei 34\/2002, de l\u201911 de juliol, de serveis de la societat de la informaci\u00f3 i del comer\u00e7 electr\u00f2nic es facilita la informaci\u00f3 general d\u2019aquest lloc web.<\/p>\n\n\n\n<div style=\"height:6rem\" aria-hidden=\"true\" class=\"wp-block-spacer\"><\/div>\n\n\n\n<h2 class=\"wp-block-heading has-medium-font-size\"><strong>Usuaris<\/strong><\/h2>\n\n\n\n<p class=\"has-medium-font-size\">Tindr\u00e0 la condici\u00f3 d\u2019usuari tota persona, f\u00edsica o jur\u00eddica, que accedeixi i navegui a&nbsp;<a href=\"https:\/\/www.virgili.com\/ca\/\">www.virgili.com<\/a>. La utilitzaci\u00f3 del lloc web implica que l\u2019usuari ha llegit les presents Condicions d\u2019\u00fas i accepta el contingut de les mateixes.<\/p>\n\n\n\n<div style=\"height:6rem\" aria-hidden=\"true\" class=\"wp-block-spacer\"><\/div>\n\n\n\n<h2 class=\"wp-block-heading has-medium-font-size\"><strong>Condicions d\u2019\u00fas<\/strong><\/h2>\n\n\n\n<p class=\"has-medium-font-size\">L\u2019usuari es compromet a fer un \u00fas adequat i l\u00edcit de la p\u00e0gina web. Ho far\u00e0 en conformitat amb la legislaci\u00f3 aplicable en cada moment, les presents Condicions d\u2019\u00fas, la moral i les bones costums generalment acceptades i l\u2019ordre p\u00fablic. No es garanteix que&nbsp;<a href=\"https:\/\/www.virgili.com\/ca\/\" target=\"_blank\" rel=\"noreferrer noopener\">www.virgili.com<\/a>&nbsp;compleixi amb les legislacions d\u2019altres pa\u00efsos, ja sigui total o parcialment. Si l\u2019usuari resideix o es troba domiciliat en qualsevol altre lloc que no sigui Espanya, i decideixi accedir i\/o navegar a la p\u00e0gina web, ho far\u00e0 sota la seva pr\u00f2pia responsabilitat i risc. Per aix\u00f2, s\u2019haur\u00e0 d\u2019assegurar que tal acc\u00e9s i\/o navegaci\u00f3 compleix amb la legislaci\u00f3 local aplicable en el seu cas.<\/p>\n\n\n\n<div style=\"height:6rem\" aria-hidden=\"true\" class=\"wp-block-spacer\"><\/div>\n\n\n\n<h2 class=\"wp-block-heading has-medium-font-size\"><strong>Modificacions<\/strong><\/h2>\n\n\n\n<p class=\"has-medium-font-size\">Estudi Virgili S.L.U.&nbsp;es reserva la facultat de modificar el present Av\u00eds legal de manera unilateral, produint efectes des del moment de la seva publicaci\u00f3.<\/p>\n\n\n\n<div style=\"height:6rem\" aria-hidden=\"true\" class=\"wp-block-spacer\"><\/div>\n\n\n\n<h2 class=\"wp-block-heading has-medium-font-size\"><strong>Informaci\u00f3 facilitada en el lloc web<\/strong><\/h2>\n\n\n\n<p class=\"has-medium-font-size\">Els continguts del web tenen com a finalitat informar i donar a con\u00e8ixer els serveis prestats per Estudi Virgili S.L.U.<\/p>\n\n\n\n<p class=\"has-medium-font-size\">L\u2019usuari haur\u00e0 de tenir en compte que aquest material pot no reflectir l\u2019estat m\u00e9s recent sobre les q\u00fcestions presentades.<\/p>\n\n\n\n<p class=\"has-medium-font-size\">Estudi Virgili S.L.U. posa tots els seus mitjans per qu\u00e8 el contingut i la informaci\u00f3 subministrats mitjan\u00e7ant la mateixa, compleixi amb els est\u00e0ndards de qualitat, exactitud, veracitat, fiabilitat, utilitat i actualitat. No obstant, no es garanteix el complet compliment d\u2019aquests est\u00e0ndards de manera permanent.<\/p>\n\n\n\n<p class=\"has-medium-font-size\">La visualitzaci\u00f3 a Internet del present lloc web \u00e9s de car\u00e0cter indefinit. No obstant, Estudi Virgili S.L.U. es reserva el dret a efectuar les modificacions que consideri oportunes sense previ av\u00eds. En aquest sentit, podr\u00e0 canviar, suprimir o afegir tant els continguts i serveis que s\u2019ofereixen, com la forma en la que aquests apareguin presentats o localitzats a&nbsp;<a href=\"https:\/\/www.virgili.com\/ca\/\" target=\"_blank\" rel=\"noreferrer noopener\">www.virgili.com<\/a>. L\u2019acc\u00e9s a la informaci\u00f3 continguda en el present lloc web no vincula de manera alguna l\u2019usuari, no li genera cap mena de comprom\u00eds vinculant ni contractual. L\u2019acc\u00e9s a la informaci\u00f3 es merament informatiu, consultiu i\/o publicitari.<\/p>\n\n\n\n<div style=\"height:6rem\" aria-hidden=\"true\" class=\"wp-block-spacer\"><\/div>\n\n\n\n<h2 class=\"wp-block-heading has-medium-font-size\"><strong>Comunicacions<\/strong><\/h2>\n\n\n\n<p class=\"has-medium-font-size\">L\u2019usuari podr\u00e0 comunicar-se amb el titular de la web, Estudi Virgili S.L.U., a trav\u00e9s del correu electr\u00f2nic&nbsp;<a href=\"mailto:mail@virgili.com\" target=\"_blank\" rel=\"noreferrer noopener\">mail@virgili.com<\/a>&nbsp;i\/o a trav\u00e9s del tel\u00e8fon&nbsp;93 414 09 25. Les comunicacions efectuades per qualsevol d\u2019aquests mitjans es consideraran eficaces a tots els efectes. La normativa aplicable exigeix que part de la informaci\u00f3 o comunicacions que enviem a l\u2019usuari o la prestaci\u00f3 del seu consentiment siguin per escrit. Mitjan\u00e7ant l\u2019\u00fas de&nbsp;<a href=\"https:\/\/www.virgili.com\/ca\/\" target=\"_blank\" rel=\"noreferrer noopener\">www.virgili.com<\/a>&nbsp;l\u2019usuari accepta que la major part de les comunicacions siguin electr\u00f2niques.<\/p>\n\n\n\n<div style=\"height:6rem\" aria-hidden=\"true\" class=\"wp-block-spacer\"><\/div>\n\n\n\n<h2 class=\"wp-block-heading has-medium-font-size\"><strong>Propietat intel\u00b7lectual i industrial<\/strong><\/h2>\n\n\n\n<p class=\"has-medium-font-size\">L\u2019usuari reconeix i consent que qualsevol dret de propietat intel\u00b7lectual o industrial sobre els continguts o materials que s\u2019aporten com a part de la p\u00e0gina web, pertanyen a&nbsp;Estudi Virgili S.L.U. \u00c9s a dir, li pertanyen per se o com a cession\u00e0ria, o als titulars dels mateixos, que atorgaran llic\u00e8ncia per al seu \u00fas. Aquests drets s\u00f3n, a t\u00edtol enunciatiu i no limitatiu, susceptibles de propietat intel\u00b7lectual i industrial sobre textos, imatges, dibuixos, combinacions de colors, arxius d\u2019\u00e0udio i\/o v\u00eddeo. En el mateix sentit, ho s\u00f3n sobre arxius de software, botons, marques, logotips, esl\u00f2gans, i dissenys. Tanmateix ho s\u00f3n sobre l\u2019estructura, presentaci\u00f3 de qualsevol informaci\u00f3 i\/o contingut d\u2019aquest lloc web.<\/p>\n\n\n\n<p class=\"has-medium-font-size\">Per tant, queda expressament prohibit a l\u2019usuari la c\u00f2pia, reproducci\u00f3, modificaci\u00f3, transformaci\u00f3, supressi\u00f3, manipulaci\u00f3, distribuci\u00f3 i comunicaci\u00f3 p\u00fablica. Concretament, tampoc la modalitat de posada a disposici\u00f3, de la totalitat o part dels continguts de&nbsp;<a href=\"https:\/\/www.virgili.com\/ca\/\" target=\"_blank\" rel=\"noreferrer noopener\">www.virgili.com<\/a>, amb o sense \u00e0nim de lucre, en qualsevol suport i per qualsevol mitj\u00e0 t\u00e8cnic, sense autoritzaci\u00f3 expressa i per escrit d\u2019Estudi Virgili S.L.U. L\u2019acc\u00e9s al lloc web no atorga en cap cas autoritzaci\u00f3 o llic\u00e8ncia alguna d\u2019Estudi Virgili S.L.U. per fer \u00fas de cap dels continguts i\/o informaci\u00f3 del mateix. De la mateixa manera, tampoc sobre cap dret relacionat amb ells, m\u00e9s enll\u00e0 de l\u2019\u00fas estrictament personal.<\/p>\n\n\n\n<div style=\"height:6rem\" aria-hidden=\"true\" class=\"wp-block-spacer\"><\/div>\n\n\n\n<h2 class=\"wp-block-heading has-medium-font-size\"><strong>Protecci\u00f3 de dades de car\u00e0cter personal<\/strong><\/h2>\n\n\n\n<p class=\"has-medium-font-size\">De conformitat amb el que disposa el REGLAMENT (UE) 2016\/679 DEL PARLAMENT EUROPEU I DEL CONSELL de 27&nbsp;d\u2019abril de 2016 relatiu a la protecci\u00f3 de les persones f\u00edsiques pel que fa al tractament de dades personals i a la lliure&nbsp;circulaci\u00f3 d\u2019aquestes dades i pel qual es deroga la Directiva 95\/46\/CE i en la Llei Org\u00e0nica 3\/2018, de 5 de desembre, de&nbsp;Protecci\u00f3 de dades Personals i garantia dels drets digitals; Totes les dades de car\u00e0cter personal facilitades durant la&nbsp;utilitzaci\u00f3 del lloc web seran tractades de conformitat amb els disposat en la nostra Pol\u00edtica de Privacitat.<\/p>\n\n\n\n<div style=\"height:6rem\" aria-hidden=\"true\" class=\"wp-block-spacer\"><\/div>\n\n\n\n<h2 class=\"wp-block-heading has-medium-font-size\"><strong>Enlla\u00e7os<\/strong><\/h2>\n\n\n\n<p class=\"has-medium-font-size\">A&nbsp;<a href=\"https:\/\/www.virgili.com\/ca\/\" target=\"_blank\" rel=\"noreferrer noopener\">www.virgili.com<\/a>&nbsp;es podran incloure mitjans d\u2019enlla\u00e7, tals com links, baners, botons i d\u2019altres similars, que vinculen a llocs de tercers. La instal\u00b7laci\u00f3 d\u2019aquests enlla\u00e7os t\u00e9 per objecte facilitar a l\u2019usuari la recerca i acc\u00e9s d\u2019informaci\u00f3 disponible a Internet.<\/p>\n\n\n\n<p class=\"has-medium-font-size\">En el moment en que l\u2019usuari accedeixi als enlla\u00e7os de tercers i abandoni el present lloc web, les Condicions d\u2019\u00fas, la Pol\u00edtica de privacitat i la Pol\u00edtica de cookies deixaran de fer efecte. \u00c9s a dir, la resta de llocs webs als que accedeix l\u2019usuari estan subjectes a les seves pr\u00f2pies condicions i pol\u00edtiques de privacitat. Estudi Virgili S.L.U. no assumeix cap responsabilitat respecte els continguts dels enlla\u00e7os de tercers. No l\u2019assumeix ni pels danys i perjudicis que poguessin produir-se per l\u2019acc\u00e9s, \u00fas o il\u00b7licitud dels mateixos, ni per les comunicacions, opinions, productes i serveis dels llocs web als que accedeixi l\u2019usuari i que no siguin gestionats per Estudi Virgili S.L.U. En aquest sentit, Estudi Virgili S.L.U. declara que en cap cas procedir\u00e0 a examinar o exercitar control algun sobre el contingut d\u2019aquests.<\/p>\n\n\n\n<div style=\"height:6rem\" aria-hidden=\"true\" class=\"wp-block-spacer\"><\/div>\n\n\n\n<h2 class=\"wp-block-heading has-medium-font-size\"><strong>Limitaci\u00f3 de responsabilitat<\/strong><\/h2>\n\n\n\n<p class=\"has-medium-font-size\">L\u2019usuari de&nbsp;<a href=\"https:\/\/www.virgili.com\/ca\/\" target=\"_blank\" rel=\"noreferrer noopener\">www.virgili.com<\/a>&nbsp;accedeix pel seu propi compte i risc. Aix\u00ed doncs, assumeix la responsabilitat per danys i perjudicis que pogu\u00e9ssin derivar-se d\u2019un \u00fas indegut del mateix. Estudi Virgili S.L.U. no es fa responsable dels errors i omissions que el lloc web pugui contenir. De la mateixa manera, no podr\u00e0 ser considerat responsable de qualsevol dany derivat de la utilitzaci\u00f3 de&nbsp;<a href=\"https:\/\/www.virgili.com\/ca\/\" target=\"_blank\" rel=\"noreferrer noopener\">www.virgili.com<\/a>, ni per qualsevol actuaci\u00f3 realitzada sobre la base de la informaci\u00f3 que se\u2019n facilita.<\/p>\n\n\n\n<p class=\"has-medium-font-size\">Estudi Virgili S.L.U. podr\u00e0 responsabilitzar als usuaris que facin un \u00fas inadequat o indegut del mateix, causant danys o perjudicis a terceres persones. Tamb\u00e9 dels possibles virus o programes inform\u00e0tics que poguessin introduir, generar o allotjar a&nbsp;<a href=\"https:\/\/www.virgili.com\/ca\/\" target=\"_blank\" rel=\"noreferrer noopener\">www.virgili.com<\/a>, i deteriorin o puguin deteriorar tant el contingut com el correcte funcionament del mateix, aix\u00ed com els equips, sistemes i programes de l\u2019usuari.<\/p>\n\n\n\n<p class=\"has-medium-font-size\">De la mateixa manera, Estudi Virgili S.L.U. no \u00e9s responsable de les decisions preses per l\u2019usuari com a conseq\u00fc\u00e8ncia de la informaci\u00f3 facilitada a trav\u00e9s de&nbsp;<a href=\"https:\/\/www.virgili.com\/ca\/\" target=\"_blank\" rel=\"noreferrer noopener\">www.virgili.com<\/a>. Tampoc ho \u00e9s d\u2019altres danys que poguessin ser causats per tercers mitjan\u00e7ant intromissions no autoritzades, alienes al seu control. Estudi Virgili S.L.U. es reserva el dret a interrompre l\u2019acc\u00e9s a&nbsp;<a href=\"https:\/\/www.virgili.com\/ca\/\" target=\"_blank\" rel=\"noreferrer noopener\">www.virgili.com<\/a>&nbsp;a l\u2019usuari en qualsevol moment i sense previ av\u00eds. Podr\u00e0 fer-ho per motius t\u00e8cnics, de seguretat, control o manteniment, o un altre tipus de causa de for\u00e7a major.<\/p>\n\n\n\n<div style=\"height:6rem\" aria-hidden=\"true\" class=\"wp-block-spacer\"><\/div>\n\n\n\n<h2 class=\"wp-block-heading has-medium-font-size\"><strong>Accions legals<\/strong><\/h2>\n\n\n\n<p class=\"has-medium-font-size\">Estudi Virgili S.L.U.&nbsp;es reserva la facultat d\u2019exercitar les accions civils o penals que consideri oportunes per la utilitzaci\u00f3 indeguda d\u2019aquest lloc web i els seus continguts, o per l\u2019incompliment de les presents Condicions d\u2019\u00fas.<\/p>\n\n\n\n<div style=\"height:6rem\" aria-hidden=\"true\" class=\"wp-block-spacer\"><\/div>\n\n\n\n<h2 class=\"wp-block-heading has-medium-font-size\"><strong>Llei Aplicable i jurisdicci\u00f3<\/strong><\/h2>\n\n\n\n<p class=\"has-medium-font-size\">Les Condicions d\u2019\u00fas i la relaci\u00f3 entre Estudi Virgili S.L.U. i l\u2019usuari es regiran per la normativa espanyola vigent. Per a la resoluci\u00f3 de qualsevol controv\u00e8rsia, les parts acorden sotmetre\u2019s als Jutjats i Tribunals de la ciutat de&nbsp;Barcelona. En cas que l\u2019usuari actu\u00ef amb la condici\u00f3 de consumidor, les parts se sotmetrien a la jurisdicci\u00f3 dels Jutjats i Tribunals del domicili d\u2019aquest.<\/p>\n","protected":false},"excerpt":{"rendered":"Av\u00eds legal Informaci\u00f3 general Titular de la p\u00e0gina web: Estudi Virgili S.L.U.CIF: B61360194Domicili social: Pg. Sant Joan 65, Pral., 08009 Barcelona (Espanya)Email:&nbsp;mail@virgili.comTel\u00e8fon: 93 414 09 25Inscrita al Registre Mercantil de Barcelona, Tom 29781, Foli 50 i Full B160459 Av\u00eds legal i condicions d\u2019\u00fas web L\u2019\u00fas del lloc web&nbsp;www.virgili.com&nbsp;est\u00e0 subjecte al que s\u2019estableix al present Av\u00eds [&hellip;]","protected":false},"author":1,"featured_media":0,"parent":0,"menu_order":11,"comment_status":"closed","ping_status":"closed","template":"page-contact.php","meta":{"_acf_changed":false,"footnotes":""},"class_list":["post-1580","page","type-page","status-publish","hentry"],"acf":[],"_links":{"self":[{"href":"https:\/\/www.virgili.com\/ca\/wp-json\/wp\/v2\/pages\/1580","targetHints":{"allow":["GET"]}}],"collection":[{"href":"https:\/\/www.virgili.com\/ca\/wp-json\/wp\/v2\/pages"}],"about":[{"href":"https:\/\/www.virgili.com\/ca\/wp-json\/wp\/v2\/types\/page"}],"author":[{"embeddable":true,"href":"https:\/\/www.virgili.com\/ca\/wp-json\/wp\/v2\/users\/1"}],"replies":[{"embeddable":true,"href":"https:\/\/www.virgili.com\/ca\/wp-json\/wp\/v2\/comments?post=1580"}],"version-history":[{"count":0,"href":"https:\/\/www.virgili.com\/ca\/wp-json\/wp\/v2\/pages\/1580\/revisions"}],"wp:attachment":[{"href":"https:\/\/www.virgili.com\/ca\/wp-json\/wp\/v2\/media?parent=1580"}],"curies":[{"name":"wp","href":"https:\/\/api.w.org\/{rel}","templated":true}]}}